{"id":135,"date":"2013-11-20T00:43:50","date_gmt":"2013-11-20T00:43:50","guid":{"rendered":"https:\/\/terrorvictimresponse.ca\/?page_id=135"},"modified":"2020-01-15T17:50:16","modified_gmt":"2020-01-15T17:50:16","slug":"victim-needs","status":"publish","type":"page","link":"https:\/\/terrorvictimresponse.ca\/fr\/victim-needs\/","title":{"rendered":"Besoins des victimes"},"content":{"rendered":"<p>Bien vouloir noter que les besoins des victimes ne suivent aucun calendrier de r\u00e9tablissement pr\u00e9cis et pr\u00e9d\u00e9termin\u00e9. Les phases d\u00e9crites ci-dessous pr\u00e9sentent des p\u00e9riodes de temps approximatives alors que les victimes seraient plus susceptibles d\u2019avoir besoin et de recourir \u00e0 ces services. Il est important de souligner que les phases se chevauchent fr\u00e9quemment.<\/p>\n<h3>Besoins imm\u00e9diats (\u00e0 partir de l\u2019\u00e9v\u00e9nement jusqu\u2019\u00e0 9 mois apr\u00e8s) \u2013 phase d\u2019intervention de la crise<br \/>\n<small style=\"font-size: 1.3rem;\">*L\u2019assistance pratique et les premiers secours psychologiques sont les interventions les plus efficaces de la phase imm\u00e9diate.<\/small><\/h3>\n<p>Lors de la mise en place d\u2019un Centre de ressources pour les survivants et les survivantes ou autre mesure d\u2019intervention \u00e0 l\u2019intention des victimes, des survivants et des survivantes, au moment de la crise ou de courte dur\u00e9e, il est important de tenir compte de solutions pour satisfaire les besoins suivants :<\/p>\n<ol>\n<li><a href=\"checklist-for-communities\/#two_5\">Assistance m\u00e9dicale<\/a><\/li>\n<li><a href=\"checklist-for-communities\/#two_3\">Refuge \/ Lieu de rassemblement s\u00e9curitaire pour se r\u00e9unir dans l\u2019attente de nouvelles \u00e0 propos des \u00eatres chers, si ces derniers manquent \u00e0 l\u2019appel<\/a><\/li>\n<li>Nourriture \/ Eau potable<\/li>\n<li><a href=\"checklist-for-communities\/#two_4\">Soutien \u00e9motionnel \/ Liaison aux services de soutien social<\/a><\/li>\n<li><a href=\"checklist-for-communities\/#two_8\">Renseignements et mises \u00e0 jour r\u00e9guli\u00e8res des autorit\u00e9s relativement \u00e0 l\u2019enqu\u00eate en cours \/ au processus de r\u00e9tablissement<\/a><\/li>\n<li><a href=\"checklist-for-communities\/#two_4\">Intervention en situation de crise \/ Premiers secours psychologiques<\/a> (services de soutien en sant\u00e9 mentale d\u00e8s le d\u00e9but de l\u2019intervention afin d\u2019aider les survivants et les survivantes \u00e0 d\u00e9velopper leurs capacit\u00e9s d\u2019adaptation, diminuer les facteurs de stress associ\u00e9s et att\u00e9nuer les sympt\u00f4mes traumatiques imm\u00e9diats engendr\u00e9s par l\u2019acte de terrorisme)<\/li>\n<li><a href=\"checklist-for-communities#cultural_competency\">Consid\u00e9ration des besoins culturels \/ spirituels<\/a><\/li>\n<li><a href=\"checklist-for-communities\/#four\">Protection contre l\u2019intrusion des m\u00e9dias<\/a><\/li>\n<li>D\u00e9nonciation des actes criminels et messages d\u2019empathie des dirigeants politiques, des dirigeantes politiques et des autorit\u00e9s<\/li>\n<li><a href=\"checklist-for-communities\/#eight_2\">Renseignements au sujet des programmes provinciaux \/ territoriaux en mati\u00e8re d\u2019aide ou d\u2019indemnisation financi\u00e8re<\/a> (Certains de ces programmes ont un d\u00e9lai de 1 ou 2 ans pour le d\u00e9p\u00f4t de la demande; ceci \u00e9tant, le processus pourrait alors devoir \u00eatre entam\u00e9; certains offrent une aide financi\u00e8re d\u2019urgence pour les frais des arrangements fun\u00e9raires lorsqu\u2019il s\u2019agit de cas d\u2019homicides)<\/li>\n<\/ol>\n<h3>Besoins \u00e0 moyen terme (jusqu\u2019\u00e0 18 mois ou plus longtemps) \u2013 phase de la gestion des cons\u00e9quences<\/h3>\n<ol>\n<li>Renseignements \/ mises \u00e0 jour des autorit\u00e9s<\/li>\n<li>R\u00e9adaptation physique et renseignements au sujet des arrangements fun\u00e9raires<\/li>\n<li><a href=\"checklist-for-communities\/#eight_3\">R\u00e9adaptation professionnelle<\/a><\/li>\n<li><a href=\"checklist-for-communities\/#seven\">Services de soutien en sant\u00e9 mentale pour aider les victimes \u00e0 se remettre de l\u2019\u00e9v\u00e9nement traumatique et r\u00e9tablir leur \u00e9quilibre<\/a><\/li>\n<li><a href=\"checklist-for-communities#cultural_competency\">Consid\u00e9ration des besoins culturels \/ spirituels<\/a><\/li>\n<li><a href=\"checklist-for-communities\/#four\">Protection contre l\u2019intrusion des m\u00e9dias<\/a><\/li>\n<li><a href=\"checklist-for-communities\/#two_8\">Informations et mises \u00e0 jour continues des autorit\u00e9s <\/a><\/li>\n<li>Repr\u00e9sentation, sensibilisation et d\u00e9fense de la part des ONG (organisations non gouvernementales) pour une panoplie vari\u00e9e de besoins, dont l\u2019aide pour r\u00e9gler des enjeux et autres probl\u00e9matiques en lien avec les dommages \u00e0 la propri\u00e9t\u00e9 aupr\u00e8s des compagnies d\u2019assurance, et autres.<\/li>\n<\/ol>\n<h3>Besoins \u00e0 long terme (2 ans et au-del\u00e0) \u2013 phase de r\u00e9tablissement<\/h3>\n<ol>\n<li>Renseignements au sujet des programmes provinciaux \/ territoriaux en mati\u00e8re d\u2019aide ou d\u2019indemnisation financi\u00e8re<\/li>\n<li>Renseignements \u00e0 propos des processus du syst\u00e8me de justice p\u00e9nale<\/li>\n<li>Repr\u00e9sentation, sensibilisation et d\u00e9fense de la part des ONG (organisations non gouvernementales)<\/li>\n<li>La plupart des personnes \u00e9prouv\u00e9es se remettront des \u00e9v\u00e9nements traumatiques, tels des situations d\u2019urgence et des catastrophes, sans l\u2019intervention ou l\u2019aide de services professionnels sp\u00e9cialis\u00e9s. Toutefois, certaines autres n\u00e9cessiteront un support additionnel pour les aider \u00e0 composer et \u00e0 faire face \u00e0 la situation. Une faible minorit\u00e9 de personnes (entre 10 et 20 %) risque de d\u00e9velopper des troubles de sant\u00e9 mentale importants n\u00e9cessitant des soins de sant\u00e9 mentale sp\u00e9cialis\u00e9s. Des services de soutien psychologique ont \u00e9t\u00e9 fournis pendant des d\u00e9cennies \u00e0 la suite de certains attentats terroristes pass\u00e9s.<\/li>\n<li><a href=\"checklist-for-communities\/#nine\">Services de comm\u00e9moration<\/a><\/li>\n<li>Encourager les victimes \u00e0 rencontrer d\u2019autres personnes ayant v\u00e9cu et surv\u00e9cu le m\u00eame genre de traumatisme et leur donner l\u2019occasion d\u2019offrir leur aide et de redonner aux autres<\/li>\n<li><a href=\"checklist-for-communities#cultural_competency\">Consid\u00e9ration des besoins culturels \/ spirituels<\/a><\/li>\n<li><a href=\"checklist-for-communities\/#four\">Protection contre l\u2019intrusion des m\u00e9dias lors des dates comm\u00e9moratives<\/a><\/li>\n<\/ol>\n<p><\/p>","protected":false},"excerpt":{"rendered":"<p>Bien vouloir noter que les besoins des victimes ne suivent aucun calendrier de r\u00e9tablissement pr\u00e9cis et pr\u00e9d\u00e9termin\u00e9. Les phases d\u00e9crites ci-dessous pr\u00e9sentent des p\u00e9riodes de temps approximatives alors que les victimes seraient plus susceptibles d\u2019avoir besoin et de recourir \u00e0 ces services. Il est important de souligner que les phases se chevauchent fr\u00e9quemment. Besoins imm\u00e9diats [&hellip;]<\/p>\n","protected":false},"author":4,"featured_media":0,"parent":0,"menu_order":0,"comment_status":"closed","ping_status":"closed","template":"","meta":{"footnotes":""},"_links":{"self":[{"href":"https:\/\/terrorvictimresponse.ca\/fr\/wp-json\/wp\/v2\/pages\/135"}],"collection":[{"href":"https:\/\/terrorvictimresponse.ca\/fr\/wp-json\/wp\/v2\/pages"}],"about":[{"href":"https:\/\/terrorvictimresponse.ca\/fr\/wp-json\/wp\/v2\/types\/page"}],"author":[{"embeddable":true,"href":"https:\/\/terrorvictimresponse.ca\/fr\/wp-json\/wp\/v2\/users\/4"}],"replies":[{"embeddable":true,"href":"https:\/\/terrorvictimresponse.ca\/fr\/wp-json\/wp\/v2\/comments?post=135"}],"version-history":[{"count":60,"href":"https:\/\/terrorvictimresponse.ca\/fr\/wp-json\/wp\/v2\/pages\/135\/revisions"}],"predecessor-version":[{"id":765,"href":"https:\/\/terrorvictimresponse.ca\/fr\/wp-json\/wp\/v2\/pages\/135\/revisions\/765"}],"wp:attachment":[{"href":"https:\/\/terrorvictimresponse.ca\/fr\/wp-json\/wp\/v2\/media?parent=135"}],"curies":[{"name":"wp","href":"https:\/\/api.w.org\/{rel}","templated":true}]}}